{"id":1220,"date":"2025-06-10T08:30:59","date_gmt":"2025-06-10T06:30:59","guid":{"rendered":"https:\/\/j64ptgbptzy.preview.infomaniak.website\/ambassadors\/sven-ornelis\/"},"modified":"2025-07-27T12:40:00","modified_gmt":"2025-07-27T10:40:00","slug":"sven-ornelis","status":"publish","type":"ambassadors","link":"https:\/\/comte.be\/nl\/ambassadors\/sven-ornelis\/","title":{"rendered":"Sven Ornelis"},"content":{"rendered":"\n<div class=\"wp-block-media-text is-stacked-on-mobile is-vertically-aligned-top\"><figure class=\"wp-block-media-text__media\"><img loading=\"lazy\" decoding=\"async\" width=\"900\" height=\"900\" src=\"https:\/\/comte.be\/wp-content\/uploads\/2025\/06\/comte-belgium-action-portrait-sven-ornelis.jpg\" alt=\"\" class=\"wp-image-1218 size-full\" srcset=\"https:\/\/comte.be\/wp-content\/uploads\/2025\/06\/comte-belgium-action-portrait-sven-ornelis.jpg 900w, https:\/\/comte.be\/wp-content\/uploads\/2025\/06\/comte-belgium-action-portrait-sven-ornelis-300x300.jpg 300w, https:\/\/comte.be\/wp-content\/uploads\/2025\/06\/comte-belgium-action-portrait-sven-ornelis-150x150.jpg 150w, https:\/\/comte.be\/wp-content\/uploads\/2025\/06\/comte-belgium-action-portrait-sven-ornelis-768x768.jpg 768w\" sizes=\"auto, (max-width: 900px) 100vw, 900px\" \/><\/figure><div class=\"wp-block-media-text__content\">\n<h1 class=\"wp-block-heading\">Sven Ornelis<\/h1>\n\n\n\n<p>Sven Ornelis, de stem die ook tot de smaak spreekt!<br\/>Deze bekende radiostem is al sinds de jaren 1990 een vaste waarde in het Belgische medialandschap. Als gepassioneerd presentator met een natuurlijk charisma en een fijn gevoel voor humor heeft hij een trouw publiek voor zich gewonnen&#8230; dat hij vervolgens heeft meegesleept in een van zijn andere passies: koken. <\/p>\n\n\n\n<p>Op zijn blog <a href=\"https:\/\/wouldbechef.be\/?ref=svenornelis.be\" target=\"_blank\" rel=\"noreferrer noopener\">\u201cWould Be Chef\u201d<\/a>, dat is uitgegroeid tot een referentie voor alledaagse fijnproevers, deelt Sven reeds enkele jaren authentieke, toegankelijke en creatieve recepten, vaak met mediterrane accenten. Zijn genereuze en oprechte benadering van gastronomie &#8211; zonder poespas, maar altijd met smaak &#8211; maakt hem de ideale bondgenoot om Comt\u00e9 te doen schitteren op elk bord, van familiebrunches tot feestelijke maaltijden. <\/p>\n<\/div><\/div>\n\n<div style=\"height:40px\" aria-hidden=\"true\" class=\"wp-block-spacer\"><\/div>\n\n<div class=\"wp-block-media-text has-media-on-the-right is-stacked-on-mobile is-vertically-aligned-top\"><div class=\"wp-block-media-text__content\">\n<h3 class=\"wp-block-heading\">Een partnerschap dat nog maar net begonnen is&#8230;<\/h3>\n\n\n\n<p>De receptenreeks van Sven Ornelis is slechts het eerste hoofdstuk van een heerlijke samenwerking. Doorheen het jaar staan er reeds andere ontmoetingen, evenementen en culinaire verrassingen op het programma, terwijl we intussen met een goed gevoel voor humor en creativiteit Comt\u00e9 ontdekken op tal van manieren. <\/p>\n\n\n\n<h4 class=\"wp-block-heading\">Praktische informatie<\/h4>\n\n\n\n<p>Ontdek meer over Sven Ornelis en al zijn activiteiten op <a href=\"https:\/\/www.svenornelis.be\/\">svenornelis.be<\/a><\/p>\n<\/div><figure class=\"wp-block-media-text__media\"><img loading=\"lazy\" decoding=\"async\" width=\"900\" height=\"900\" src=\"https:\/\/comte.be\/wp-content\/uploads\/2025\/06\/comte-belgique-action-sorry-not-sorry-table-sven-ornelis.jpg\" alt=\"\" class=\"wp-image-579 size-full\" srcset=\"https:\/\/comte.be\/wp-content\/uploads\/2025\/06\/comte-belgique-action-sorry-not-sorry-table-sven-ornelis.jpg 900w, https:\/\/comte.be\/wp-content\/uploads\/2025\/06\/comte-belgique-action-sorry-not-sorry-table-sven-ornelis-300x300.jpg 300w, https:\/\/comte.be\/wp-content\/uploads\/2025\/06\/comte-belgique-action-sorry-not-sorry-table-sven-ornelis-150x150.jpg 150w, https:\/\/comte.be\/wp-content\/uploads\/2025\/06\/comte-belgique-action-sorry-not-sorry-table-sven-ornelis-768x768.jpg 768w\" sizes=\"auto, (max-width: 900px) 100vw, 900px\" \/><\/figure><\/div>\n\n<div style=\"height:40px\" aria-hidden=\"true\" class=\"wp-block-spacer\"><\/div>\n\n<div class=\"wp-block-group has-light-background-color has-background\" style=\"padding-top:2rem;padding-bottom:2rem\"><div class=\"wp-block-group__inner-container is-layout-flow wp-block-group-is-layout-flow\">\n<h3 class=\"wp-block-heading\">Menu van de chef voor Comt\u00e9 BOB<\/h3>\n\n\n\n<p><\/p>\n\n\n\n<h4 class=\"wp-block-heading\">Starter<\/h4>\n\n\n\n<p>Blini&#8217;s met Comt\u00e9 en tijm, druiven en honing-mosterdsaus<\/p>\n\n\n\n<h4 class=\"wp-block-heading\">Hoofdgerecht<\/h4>\n\n\n\n<p><a href=\"https:\/\/comte.be\/nl\/recipe\/zomerse-quiche-met-comte-courgettes-en-tijm-zonder-room\/\" data-type=\"link\" data-id=\"https:\/\/comte.be\/recipe\/quiche-dete-au-comte-courgettes-et-thym-sans-creme\/\">Zomerse quiche met Comt\u00e9, courgettes en tijm (zonder room)<\/a><\/p>\n\n\n\n<h4 class=\"wp-block-heading\">Dessert<\/h4>\n\n\n\n<p>Flan met Comt\u00e9 en honing met gekaramelliseerde vijgen<\/p>\n<\/div><\/div>\n\n<p><\/p>\n","protected":false},"excerpt":{"rendered":"<p>Sven Ornelis Sven Ornelis, de stem die ook tot de smaak spreekt!Deze bekende radiostem is al sinds de jaren 1990 een vaste waarde in het Belgische medialandschap. Als gepassioneerd presentator met een natuurlijk charisma en een fijn gevoel voor humor heeft hij een trouw publiek voor zich gewonnen&#8230; dat hij vervolgens heeft meegesleept in een [&#8230;]<\/p>\n<p><a class=\"btn btn-secondary understrap-read-more-link\" href=\"https:\/\/comte.be\/nl\/ambassadors\/sven-ornelis\/\">Lees verder\u2026<span class=\"screen-reader-text\"> from Sven Ornelis<\/span><\/a><\/p>\n","protected":false},"author":1,"featured_media":1219,"template":"","meta":{"_acf_changed":false,"advgb_blocks_editor_width":"","advgb_blocks_columns_visual_guide":""},"class_list":["post-1220","ambassadors","type-ambassadors","status-publish","has-post-thumbnail","hentry"],"acf":[],"yoast_head":"<!-- This site is optimized with the Yoast SEO plugin v26.9 - https:\/\/yoast.com\/product\/yoast-seo-wordpress\/ -->\n<title>Sven Ornelis - Comt\u00e9<\/title>\n<meta name=\"description\" content=\"D\u00e9couvrez les recettes gourmandes et cr\u00e9atives de nos ambassadeurs Comt\u00e9 Belgique ! Ces passionn\u00e9s de fromage partagent leurs id\u00e9es savoureuses pour sublimer le Comt\u00e9 AOP dans vos plats. Inspirez-vous et r\u00e9galez-vous avec des recettes authentiques et innovantes.\" \/>\n<meta name=\"robots\" content=\"index, follow, max-snippet:-1, max-image-preview:large, max-video-preview:-1\" \/>\n<link rel=\"canonical\" href=\"https:\/\/comte.be\/ambassadors\/sven-ornelis\/\" \/>\n<meta property=\"og:locale\" content=\"nl_NL\" \/>\n<meta property=\"og:type\" content=\"article\" \/>\n<meta property=\"og:title\" content=\"Sven Ornelis - Comt\u00e9\" \/>\n<meta property=\"og:description\" content=\"D\u00e9couvrez les recettes gourmandes et cr\u00e9atives de nos ambassadeurs Comt\u00e9 Belgique ! Ces passionn\u00e9s de fromage partagent leurs id\u00e9es savoureuses pour sublimer le Comt\u00e9 AOP dans vos plats. Inspirez-vous et r\u00e9galez-vous avec des recettes authentiques et innovantes.\" \/>\n<meta property=\"og:url\" content=\"https:\/\/comte.be\/ambassadors\/sven-ornelis\/\" \/>\n<meta property=\"og:site_name\" content=\"Comt\u00e9\" \/>\n<meta property=\"article:publisher\" content=\"https:\/\/www.facebook.com\/ComteBelgium\/\" \/>\n<meta property=\"article:modified_time\" content=\"2025-07-27T10:40:00+00:00\" \/>\n<meta property=\"og:image\" content=\"https:\/\/comte.be\/wp-content\/uploads\/2025\/06\/comte-belgium-action-portrait-sven-ornelis.jpg\" \/>\n\t<meta property=\"og:image:width\" content=\"900\" \/>\n\t<meta property=\"og:image:height\" content=\"900\" \/>\n\t<meta property=\"og:image:type\" content=\"image\/jpeg\" \/>\n<meta name=\"twitter:card\" content=\"summary_large_image\" \/>\n<meta name=\"twitter:label1\" content=\"Geschatte leestijd\" \/>\n\t<meta name=\"twitter:data1\" content=\"1 minuut\" \/>\n<script type=\"application\/ld+json\" class=\"yoast-schema-graph\">{\"@context\":\"https:\/\/schema.org\",\"@graph\":[{\"@type\":\"WebPage\",\"@id\":\"https:\/\/comte.be\/ambassadors\/sven-ornelis\/\",\"url\":\"https:\/\/comte.be\/ambassadors\/sven-ornelis\/\",\"name\":\"Sven Ornelis - Comt\u00e9\",\"isPartOf\":{\"@id\":\"https:\/\/comte.be\/#website\"},\"primaryImageOfPage\":{\"@id\":\"https:\/\/comte.be\/ambassadors\/sven-ornelis\/#primaryimage\"},\"image\":{\"@id\":\"https:\/\/comte.be\/ambassadors\/sven-ornelis\/#primaryimage\"},\"thumbnailUrl\":\"https:\/\/comte.be\/wp-content\/uploads\/2025\/06\/comte-belgium-action-portrait-sven-ornelis.jpg\",\"datePublished\":\"2025-06-10T06:30:59+00:00\",\"dateModified\":\"2025-07-27T10:40:00+00:00\",\"description\":\"D\u00e9couvrez les recettes gourmandes et cr\u00e9atives de nos ambassadeurs Comt\u00e9 Belgique ! Ces passionn\u00e9s de fromage partagent leurs id\u00e9es savoureuses pour sublimer le Comt\u00e9 AOP dans vos plats. Inspirez-vous et r\u00e9galez-vous avec des recettes authentiques et innovantes.\",\"breadcrumb\":{\"@id\":\"https:\/\/comte.be\/ambassadors\/sven-ornelis\/#breadcrumb\"},\"inLanguage\":\"nl-NL\",\"potentialAction\":[{\"@type\":\"ReadAction\",\"target\":[\"https:\/\/comte.be\/ambassadors\/sven-ornelis\/\"]}]},{\"@type\":\"ImageObject\",\"inLanguage\":\"nl-NL\",\"@id\":\"https:\/\/comte.be\/ambassadors\/sven-ornelis\/#primaryimage\",\"url\":\"https:\/\/comte.be\/wp-content\/uploads\/2025\/06\/comte-belgium-action-portrait-sven-ornelis.jpg\",\"contentUrl\":\"https:\/\/comte.be\/wp-content\/uploads\/2025\/06\/comte-belgium-action-portrait-sven-ornelis.jpg\",\"width\":900,\"height\":900},{\"@type\":\"BreadcrumbList\",\"@id\":\"https:\/\/comte.be\/ambassadors\/sven-ornelis\/#breadcrumb\",\"itemListElement\":[{\"@type\":\"ListItem\",\"position\":1,\"name\":\"Accueil\",\"item\":\"https:\/\/comte.be\/nl\/\"},{\"@type\":\"ListItem\",\"position\":2,\"name\":\"Onze ambassadeurs\",\"item\":\"https:\/\/comte.be\/nl\/ambassadors\/\"},{\"@type\":\"ListItem\",\"position\":3,\"name\":\"Sven Ornelis\"}]},{\"@type\":\"WebSite\",\"@id\":\"https:\/\/comte.be\/#website\",\"url\":\"https:\/\/comte.be\/\",\"name\":\"Comt\u00e9 Belgique\",\"description\":\"\",\"publisher\":{\"@id\":\"https:\/\/comte.be\/#organization\"},\"potentialAction\":[{\"@type\":\"SearchAction\",\"target\":{\"@type\":\"EntryPoint\",\"urlTemplate\":\"https:\/\/comte.be\/?s={search_term_string}\"},\"query-input\":{\"@type\":\"PropertyValueSpecification\",\"valueRequired\":true,\"valueName\":\"search_term_string\"}}],\"inLanguage\":\"nl-NL\"},{\"@type\":\"Organization\",\"@id\":\"https:\/\/comte.be\/#organization\",\"name\":\"Comt\u00e9 Belgique\",\"url\":\"https:\/\/comte.be\/\",\"logo\":{\"@type\":\"ImageObject\",\"inLanguage\":\"nl-NL\",\"@id\":\"https:\/\/comte.be\/#\/schema\/logo\/image\/\",\"url\":\"https:\/\/comte.be\/wp-content\/uploads\/2025\/02\/logo-comte.png\",\"contentUrl\":\"https:\/\/comte.be\/wp-content\/uploads\/2025\/02\/logo-comte.png\",\"width\":254,\"height\":220,\"caption\":\"Comt\u00e9 Belgique\"},\"image\":{\"@id\":\"https:\/\/comte.be\/#\/schema\/logo\/image\/\"},\"sameAs\":[\"https:\/\/www.facebook.com\/ComteBelgium\/\",\"https:\/\/www.instagram.com\/comte_belgium\/\",\"https:\/\/www.youtube.com\/channel\/UCAoMMZlOqRXlS4HdKohE8bA\"]}]}<\/script>\n<!-- \/ Yoast SEO plugin. -->","yoast_head_json":{"title":"Sven Ornelis - Comt\u00e9","description":"D\u00e9couvrez les recettes gourmandes et cr\u00e9atives de nos ambassadeurs Comt\u00e9 Belgique ! Ces passionn\u00e9s de fromage partagent leurs id\u00e9es savoureuses pour sublimer le Comt\u00e9 AOP dans vos plats. Inspirez-vous et r\u00e9galez-vous avec des recettes authentiques et innovantes.","robots":{"index":"index","follow":"follow","max-snippet":"max-snippet:-1","max-image-preview":"max-image-preview:large","max-video-preview":"max-video-preview:-1"},"canonical":"https:\/\/comte.be\/ambassadors\/sven-ornelis\/","og_locale":"nl_NL","og_type":"article","og_title":"Sven Ornelis - Comt\u00e9","og_description":"D\u00e9couvrez les recettes gourmandes et cr\u00e9atives de nos ambassadeurs Comt\u00e9 Belgique ! Ces passionn\u00e9s de fromage partagent leurs id\u00e9es savoureuses pour sublimer le Comt\u00e9 AOP dans vos plats. Inspirez-vous et r\u00e9galez-vous avec des recettes authentiques et innovantes.","og_url":"https:\/\/comte.be\/ambassadors\/sven-ornelis\/","og_site_name":"Comt\u00e9","article_publisher":"https:\/\/www.facebook.com\/ComteBelgium\/","article_modified_time":"2025-07-27T10:40:00+00:00","og_image":[{"width":900,"height":900,"url":"https:\/\/comte.be\/wp-content\/uploads\/2025\/06\/comte-belgium-action-portrait-sven-ornelis.jpg","type":"image\/jpeg"}],"twitter_card":"summary_large_image","twitter_misc":{"Geschatte leestijd":"1 minuut"},"schema":{"@context":"https:\/\/schema.org","@graph":[{"@type":"WebPage","@id":"https:\/\/comte.be\/ambassadors\/sven-ornelis\/","url":"https:\/\/comte.be\/ambassadors\/sven-ornelis\/","name":"Sven Ornelis - Comt\u00e9","isPartOf":{"@id":"https:\/\/comte.be\/#website"},"primaryImageOfPage":{"@id":"https:\/\/comte.be\/ambassadors\/sven-ornelis\/#primaryimage"},"image":{"@id":"https:\/\/comte.be\/ambassadors\/sven-ornelis\/#primaryimage"},"thumbnailUrl":"https:\/\/comte.be\/wp-content\/uploads\/2025\/06\/comte-belgium-action-portrait-sven-ornelis.jpg","datePublished":"2025-06-10T06:30:59+00:00","dateModified":"2025-07-27T10:40:00+00:00","description":"D\u00e9couvrez les recettes gourmandes et cr\u00e9atives de nos ambassadeurs Comt\u00e9 Belgique ! Ces passionn\u00e9s de fromage partagent leurs id\u00e9es savoureuses pour sublimer le Comt\u00e9 AOP dans vos plats. Inspirez-vous et r\u00e9galez-vous avec des recettes authentiques et innovantes.","breadcrumb":{"@id":"https:\/\/comte.be\/ambassadors\/sven-ornelis\/#breadcrumb"},"inLanguage":"nl-NL","potentialAction":[{"@type":"ReadAction","target":["https:\/\/comte.be\/ambassadors\/sven-ornelis\/"]}]},{"@type":"ImageObject","inLanguage":"nl-NL","@id":"https:\/\/comte.be\/ambassadors\/sven-ornelis\/#primaryimage","url":"https:\/\/comte.be\/wp-content\/uploads\/2025\/06\/comte-belgium-action-portrait-sven-ornelis.jpg","contentUrl":"https:\/\/comte.be\/wp-content\/uploads\/2025\/06\/comte-belgium-action-portrait-sven-ornelis.jpg","width":900,"height":900},{"@type":"BreadcrumbList","@id":"https:\/\/comte.be\/ambassadors\/sven-ornelis\/#breadcrumb","itemListElement":[{"@type":"ListItem","position":1,"name":"Accueil","item":"https:\/\/comte.be\/nl\/"},{"@type":"ListItem","position":2,"name":"Onze ambassadeurs","item":"https:\/\/comte.be\/nl\/ambassadors\/"},{"@type":"ListItem","position":3,"name":"Sven Ornelis"}]},{"@type":"WebSite","@id":"https:\/\/comte.be\/#website","url":"https:\/\/comte.be\/","name":"Comt\u00e9 Belgique","description":"","publisher":{"@id":"https:\/\/comte.be\/#organization"},"potentialAction":[{"@type":"SearchAction","target":{"@type":"EntryPoint","urlTemplate":"https:\/\/comte.be\/?s={search_term_string}"},"query-input":{"@type":"PropertyValueSpecification","valueRequired":true,"valueName":"search_term_string"}}],"inLanguage":"nl-NL"},{"@type":"Organization","@id":"https:\/\/comte.be\/#organization","name":"Comt\u00e9 Belgique","url":"https:\/\/comte.be\/","logo":{"@type":"ImageObject","inLanguage":"nl-NL","@id":"https:\/\/comte.be\/#\/schema\/logo\/image\/","url":"https:\/\/comte.be\/wp-content\/uploads\/2025\/02\/logo-comte.png","contentUrl":"https:\/\/comte.be\/wp-content\/uploads\/2025\/02\/logo-comte.png","width":254,"height":220,"caption":"Comt\u00e9 Belgique"},"image":{"@id":"https:\/\/comte.be\/#\/schema\/logo\/image\/"},"sameAs":["https:\/\/www.facebook.com\/ComteBelgium\/","https:\/\/www.instagram.com\/comte_belgium\/","https:\/\/www.youtube.com\/channel\/UCAoMMZlOqRXlS4HdKohE8bA"]}]}},"featured_img":"https:\/\/comte.be\/wp-content\/uploads\/2025\/06\/comte-belgium-action-portrait-sven-ornelis.jpg","coauthors":[],"author_meta":{"author_link":"https:\/\/comte.be\/nl\/author\/big-moustache\/","display_name":"Christophe"},"relative_dates":{"created":"Posted 11 maanden ago","modified":"Updated 9 maanden ago"},"absolute_dates":{"created":"Posted on 10 juni 2025","modified":"Updated on 27 juli 2025"},"absolute_dates_time":{"created":"Posted on 10 juni 2025 8h30","modified":"Updated on 27 juli 2025 12h40"},"featured_img_caption":"","tax_additional":[],"series_order":"","_links":{"self":[{"href":"https:\/\/comte.be\/nl\/wp-json\/wp\/v2\/ambassadors\/1220","targetHints":{"allow":["GET"]}}],"collection":[{"href":"https:\/\/comte.be\/nl\/wp-json\/wp\/v2\/ambassadors"}],"about":[{"href":"https:\/\/comte.be\/nl\/wp-json\/wp\/v2\/types\/ambassadors"}],"wp:featuredmedia":[{"embeddable":true,"href":"https:\/\/comte.be\/nl\/wp-json\/wp\/v2\/media\/1219"}],"wp:attachment":[{"href":"https:\/\/comte.be\/nl\/wp-json\/wp\/v2\/media?parent=1220"}],"curies":[{"name":"wp","href":"https:\/\/api.w.org\/{rel}","templated":true}]}}