{"id":928,"date":"2024-08-27T18:19:42","date_gmt":"2024-08-27T16:19:42","guid":{"rendered":"https:\/\/j64ptgbptzy.preview.infomaniak.website\/ambassadors\/paul-delrez\/"},"modified":"2025-07-26T15:27:05","modified_gmt":"2025-07-26T13:27:05","slug":"paul-delrez","status":"publish","type":"ambassadors","link":"https:\/\/comte.be\/nl\/ambassadors\/paul-delrez\/","title":{"rendered":"Paul Delrez"},"content":{"rendered":"\n<div class=\"wp-block-media-text is-stacked-on-mobile is-vertically-aligned-top\"><figure class=\"wp-block-media-text__media\"><img loading=\"lazy\" decoding=\"async\" width=\"900\" height=\"900\" src=\"https:\/\/comte.be\/wp-content\/uploads\/2025\/03\/comte-belgium-action-portrait-paul-delrez.jpg\" alt=\"\" class=\"wp-image-1022 size-full\" srcset=\"https:\/\/comte.be\/wp-content\/uploads\/2025\/03\/comte-belgium-action-portrait-paul-delrez.jpg 900w, https:\/\/comte.be\/wp-content\/uploads\/2025\/03\/comte-belgium-action-portrait-paul-delrez-300x300.jpg 300w, https:\/\/comte.be\/wp-content\/uploads\/2025\/03\/comte-belgium-action-portrait-paul-delrez-150x150.jpg 150w, https:\/\/comte.be\/wp-content\/uploads\/2025\/03\/comte-belgium-action-portrait-paul-delrez-768x768.jpg 768w\" sizes=\"auto, (max-width: 900px) 100vw, 900px\" \/><\/figure><div class=\"wp-block-media-text__content\">\n<h1 class=\"wp-block-heading\">Paul Delrez<\/h1>\n\n\n\n<p>Paul Delrez, gerenommeerde chef en Instagram-ster, was jarenlang gastheer van de Brusselse restaurants La Guinguette en Ville en La Maison Blanche. Voor zijn genereuze en verfijnde keuken herwerkt hij Belgische klassiekers met seizoensproducten van topkwaliteit. Met 800.000 volgers op Instagram is hij vandaag een van de belangrijkste gezichten van de genereuze en traditionele keuken van weleer 2.0.<\/p>\n\n\n\n<p><em>&#8220;Ik hou van Comt\u00e9 vanwege zijn rijke smaak en veelzijdigheid. Het is een kaas die bij zoveel gerechten past en een unieke diepte toevoegt. Toen ik werd gevraagd om een 100% Comt\u00e9-menu te cre\u00ebren, greep ik die kans met beide handen aan. Deze kaas inspireert me met zijn vermogen om eenvoudige gerechten om te toveren tot bijzondere culinaire ervaringen. Ik vond het geweldig om dit smaakavontuur met jullie te delen en jullie Comt\u00e9 in al zijn vormen te laten ontdekken.<\/em> &#8211; Paul Delrez<\/p>\n<\/div><\/div>\n\n<div style=\"height:40px\" aria-hidden=\"true\" class=\"wp-block-spacer\"><\/div>\n\n<div class=\"wp-block-group has-light-background-color has-background\" style=\"padding-top:2rem;padding-bottom:2rem\"><div class=\"wp-block-group__inner-container is-layout-flow wp-block-group-is-layout-flow\">\n<h3 class=\"wp-block-heading\">Menu van Paul Delrez voor Comt\u00e9<\/h3>\n\n\n\n<h4 class=\"wp-block-heading\">Hapjes vooraf<\/h4>\n\n\n\n<ul class=\"wp-block-list\">\n<li><a href=\"https:\/\/comte.be\/nl\/recipe\/gilda-comte\/\" data-type=\"link\" data-id=\"https:\/\/comte.be\/recipe\/gilda-comte\/\">Gilda Comt\u00e9<\/a><\/li>\n<\/ul>\n\n\n\n<h4 class=\"wp-block-heading\">Starters<\/h4>\n\n\n\n<ul class=\"wp-block-list\">\n<li><a href=\"https:\/\/comte.be\/nl\/recipe\/kroket-van-iberische-ham-en-comte\/\" data-type=\"link\" data-id=\"https:\/\/comte.be\/recipe\/croquette-jambon-iberico-comte\/\">Kroket van Ib\u00e9rico ham en Comt\u00e9<\/a><\/li>\n\n\n\n<li><a href=\"https:\/\/comte.be\/nl\/recipe\/tomaat-ansjovis-comte\/\" data-type=\"link\" data-id=\"https:\/\/comte.be\/recipe\/tomates-anchois-comte\/\">Tomaat, ansjovis en Comt\u00e9<\/a><\/li>\n\n\n\n<li><a href=\"https:\/\/comte.be\/nl\/recipe\/churros-met-comte-kaas-x-swet\/\" data-type=\"link\" data-id=\"https:\/\/comte.be\/recipe\/churros-au-comte-x-swet\/\">Churros met Comt\u00e9 x swet<\/a><\/li>\n<\/ul>\n\n\n\n<h4 class=\"wp-block-heading\">Hoofdgerecht<\/h4>\n\n\n\n<ul class=\"wp-block-list\">\n<li><a href=\"https:\/\/comte.be\/nl\/recipe\/caccio-y-pepe-risotto-met-comte-en-cantharelzwammen\/\" data-type=\"link\" data-id=\"https:\/\/comte.be\/recipe\/risotto-caccio-y-pepe-au-comte-et-girolles\/\">Caccio y pepe risotto met Comt\u00e9 en cantharellen<\/a><\/li>\n<\/ul>\n\n\n\n<h4 class=\"wp-block-heading\">Dessert<\/h4>\n\n\n\n<ul class=\"wp-block-list\">\n<li><a href=\"https:\/\/comte.be\/nl\/recipe\/zondagse-kruimelkaramel-beurre-sale-x-comte\/\" data-type=\"link\" data-id=\"https:\/\/comte.be\/recipe\/sunday-crumble-caramel-beurre-sale-x-comte\/\">Sunday met Comt\u00e9<\/a><\/li>\n<\/ul>\n<\/div><\/div>\n\n<p><\/p>\n","protected":false},"excerpt":{"rendered":"<p>Paul Delrez Paul Delrez, gerenommeerde chef en Instagram-ster, was jarenlang gastheer van de Brusselse restaurants La Guinguette en Ville en La Maison Blanche. Voor zijn genereuze en verfijnde keuken herwerkt hij Belgische klassiekers met seizoensproducten van topkwaliteit. Met 800.000 volgers op Instagram is hij vandaag een van de belangrijkste gezichten van de genereuze en traditionele [&#8230;]<\/p>\n<p><a class=\"btn btn-secondary understrap-read-more-link\" href=\"https:\/\/comte.be\/nl\/ambassadors\/paul-delrez\/\">Lees verder\u2026<span class=\"screen-reader-text\"> from Paul Delrez<\/span><\/a><\/p>\n","protected":false},"author":1,"featured_media":1023,"template":"","meta":{"_acf_changed":false,"advgb_blocks_editor_width":"","advgb_blocks_columns_visual_guide":""},"class_list":["post-928","ambassadors","type-ambassadors","status-publish","has-post-thumbnail","hentry"],"acf":[],"yoast_head":"<!-- This site is optimized with the Yoast SEO plugin v26.9 - https:\/\/yoast.com\/product\/yoast-seo-wordpress\/ -->\n<title>Paul Delrez - Comt\u00e9<\/title>\n<meta name=\"description\" content=\"D\u00e9couvrez les recettes gourmandes et cr\u00e9atives de nos ambassadeurs Comt\u00e9 Belgique ! Ces passionn\u00e9s de fromage partagent leurs id\u00e9es savoureuses pour sublimer le Comt\u00e9 AOP dans vos plats. Inspirez-vous et r\u00e9galez-vous avec des recettes authentiques et innovantes.\" \/>\n<meta name=\"robots\" content=\"index, follow, max-snippet:-1, max-image-preview:large, max-video-preview:-1\" \/>\n<link rel=\"canonical\" href=\"https:\/\/comte.be\/ambassadors\/paul-delrez\/\" \/>\n<meta property=\"og:locale\" content=\"nl_NL\" \/>\n<meta property=\"og:type\" content=\"article\" \/>\n<meta property=\"og:title\" content=\"Paul Delrez - Comt\u00e9\" \/>\n<meta property=\"og:description\" content=\"D\u00e9couvrez les recettes gourmandes et cr\u00e9atives de nos ambassadeurs Comt\u00e9 Belgique ! Ces passionn\u00e9s de fromage partagent leurs id\u00e9es savoureuses pour sublimer le Comt\u00e9 AOP dans vos plats. Inspirez-vous et r\u00e9galez-vous avec des recettes authentiques et innovantes.\" \/>\n<meta property=\"og:url\" content=\"https:\/\/comte.be\/ambassadors\/paul-delrez\/\" \/>\n<meta property=\"og:site_name\" content=\"Comt\u00e9\" \/>\n<meta property=\"article:publisher\" content=\"https:\/\/www.facebook.com\/ComteBelgium\/\" \/>\n<meta property=\"article:modified_time\" content=\"2025-07-26T13:27:05+00:00\" \/>\n<meta property=\"og:image\" content=\"https:\/\/comte.be\/wp-content\/uploads\/2025\/03\/comte-belgium-action-portrait-paul-delrez.jpg\" \/>\n\t<meta property=\"og:image:width\" content=\"900\" \/>\n\t<meta property=\"og:image:height\" content=\"900\" \/>\n\t<meta property=\"og:image:type\" content=\"image\/jpeg\" \/>\n<meta name=\"twitter:card\" content=\"summary_large_image\" \/>\n<meta name=\"twitter:label1\" content=\"Geschatte leestijd\" \/>\n\t<meta name=\"twitter:data1\" content=\"1 minuut\" \/>\n<script type=\"application\/ld+json\" class=\"yoast-schema-graph\">{\"@context\":\"https:\/\/schema.org\",\"@graph\":[{\"@type\":\"WebPage\",\"@id\":\"https:\/\/comte.be\/ambassadors\/paul-delrez\/\",\"url\":\"https:\/\/comte.be\/ambassadors\/paul-delrez\/\",\"name\":\"Paul Delrez - Comt\u00e9\",\"isPartOf\":{\"@id\":\"https:\/\/comte.be\/#website\"},\"primaryImageOfPage\":{\"@id\":\"https:\/\/comte.be\/ambassadors\/paul-delrez\/#primaryimage\"},\"image\":{\"@id\":\"https:\/\/comte.be\/ambassadors\/paul-delrez\/#primaryimage\"},\"thumbnailUrl\":\"https:\/\/comte.be\/wp-content\/uploads\/2025\/03\/comte-belgium-action-portrait-paul-delrez.jpg\",\"datePublished\":\"2024-08-27T16:19:42+00:00\",\"dateModified\":\"2025-07-26T13:27:05+00:00\",\"description\":\"D\u00e9couvrez les recettes gourmandes et cr\u00e9atives de nos ambassadeurs Comt\u00e9 Belgique ! Ces passionn\u00e9s de fromage partagent leurs id\u00e9es savoureuses pour sublimer le Comt\u00e9 AOP dans vos plats. Inspirez-vous et r\u00e9galez-vous avec des recettes authentiques et innovantes.\",\"breadcrumb\":{\"@id\":\"https:\/\/comte.be\/ambassadors\/paul-delrez\/#breadcrumb\"},\"inLanguage\":\"nl-NL\",\"potentialAction\":[{\"@type\":\"ReadAction\",\"target\":[\"https:\/\/comte.be\/ambassadors\/paul-delrez\/\"]}]},{\"@type\":\"ImageObject\",\"inLanguage\":\"nl-NL\",\"@id\":\"https:\/\/comte.be\/ambassadors\/paul-delrez\/#primaryimage\",\"url\":\"https:\/\/comte.be\/wp-content\/uploads\/2025\/03\/comte-belgium-action-portrait-paul-delrez.jpg\",\"contentUrl\":\"https:\/\/comte.be\/wp-content\/uploads\/2025\/03\/comte-belgium-action-portrait-paul-delrez.jpg\",\"width\":900,\"height\":900},{\"@type\":\"BreadcrumbList\",\"@id\":\"https:\/\/comte.be\/ambassadors\/paul-delrez\/#breadcrumb\",\"itemListElement\":[{\"@type\":\"ListItem\",\"position\":1,\"name\":\"Accueil\",\"item\":\"https:\/\/comte.be\/nl\/\"},{\"@type\":\"ListItem\",\"position\":2,\"name\":\"Onze ambassadeurs\",\"item\":\"https:\/\/comte.be\/nl\/ambassadors\/\"},{\"@type\":\"ListItem\",\"position\":3,\"name\":\"Paul Delrez\"}]},{\"@type\":\"WebSite\",\"@id\":\"https:\/\/comte.be\/#website\",\"url\":\"https:\/\/comte.be\/\",\"name\":\"Comt\u00e9 Belgique\",\"description\":\"\",\"publisher\":{\"@id\":\"https:\/\/comte.be\/#organization\"},\"potentialAction\":[{\"@type\":\"SearchAction\",\"target\":{\"@type\":\"EntryPoint\",\"urlTemplate\":\"https:\/\/comte.be\/?s={search_term_string}\"},\"query-input\":{\"@type\":\"PropertyValueSpecification\",\"valueRequired\":true,\"valueName\":\"search_term_string\"}}],\"inLanguage\":\"nl-NL\"},{\"@type\":\"Organization\",\"@id\":\"https:\/\/comte.be\/#organization\",\"name\":\"Comt\u00e9 Belgique\",\"url\":\"https:\/\/comte.be\/\",\"logo\":{\"@type\":\"ImageObject\",\"inLanguage\":\"nl-NL\",\"@id\":\"https:\/\/comte.be\/#\/schema\/logo\/image\/\",\"url\":\"https:\/\/comte.be\/wp-content\/uploads\/2025\/02\/logo-comte.png\",\"contentUrl\":\"https:\/\/comte.be\/wp-content\/uploads\/2025\/02\/logo-comte.png\",\"width\":254,\"height\":220,\"caption\":\"Comt\u00e9 Belgique\"},\"image\":{\"@id\":\"https:\/\/comte.be\/#\/schema\/logo\/image\/\"},\"sameAs\":[\"https:\/\/www.facebook.com\/ComteBelgium\/\",\"https:\/\/www.instagram.com\/comte_belgium\/\",\"https:\/\/www.youtube.com\/channel\/UCAoMMZlOqRXlS4HdKohE8bA\"]}]}<\/script>\n<!-- \/ Yoast SEO plugin. -->","yoast_head_json":{"title":"Paul Delrez - Comt\u00e9","description":"D\u00e9couvrez les recettes gourmandes et cr\u00e9atives de nos ambassadeurs Comt\u00e9 Belgique ! Ces passionn\u00e9s de fromage partagent leurs id\u00e9es savoureuses pour sublimer le Comt\u00e9 AOP dans vos plats. Inspirez-vous et r\u00e9galez-vous avec des recettes authentiques et innovantes.","robots":{"index":"index","follow":"follow","max-snippet":"max-snippet:-1","max-image-preview":"max-image-preview:large","max-video-preview":"max-video-preview:-1"},"canonical":"https:\/\/comte.be\/ambassadors\/paul-delrez\/","og_locale":"nl_NL","og_type":"article","og_title":"Paul Delrez - Comt\u00e9","og_description":"D\u00e9couvrez les recettes gourmandes et cr\u00e9atives de nos ambassadeurs Comt\u00e9 Belgique ! Ces passionn\u00e9s de fromage partagent leurs id\u00e9es savoureuses pour sublimer le Comt\u00e9 AOP dans vos plats. Inspirez-vous et r\u00e9galez-vous avec des recettes authentiques et innovantes.","og_url":"https:\/\/comte.be\/ambassadors\/paul-delrez\/","og_site_name":"Comt\u00e9","article_publisher":"https:\/\/www.facebook.com\/ComteBelgium\/","article_modified_time":"2025-07-26T13:27:05+00:00","og_image":[{"width":900,"height":900,"url":"https:\/\/comte.be\/wp-content\/uploads\/2025\/03\/comte-belgium-action-portrait-paul-delrez.jpg","type":"image\/jpeg"}],"twitter_card":"summary_large_image","twitter_misc":{"Geschatte leestijd":"1 minuut"},"schema":{"@context":"https:\/\/schema.org","@graph":[{"@type":"WebPage","@id":"https:\/\/comte.be\/ambassadors\/paul-delrez\/","url":"https:\/\/comte.be\/ambassadors\/paul-delrez\/","name":"Paul Delrez - Comt\u00e9","isPartOf":{"@id":"https:\/\/comte.be\/#website"},"primaryImageOfPage":{"@id":"https:\/\/comte.be\/ambassadors\/paul-delrez\/#primaryimage"},"image":{"@id":"https:\/\/comte.be\/ambassadors\/paul-delrez\/#primaryimage"},"thumbnailUrl":"https:\/\/comte.be\/wp-content\/uploads\/2025\/03\/comte-belgium-action-portrait-paul-delrez.jpg","datePublished":"2024-08-27T16:19:42+00:00","dateModified":"2025-07-26T13:27:05+00:00","description":"D\u00e9couvrez les recettes gourmandes et cr\u00e9atives de nos ambassadeurs Comt\u00e9 Belgique ! Ces passionn\u00e9s de fromage partagent leurs id\u00e9es savoureuses pour sublimer le Comt\u00e9 AOP dans vos plats. Inspirez-vous et r\u00e9galez-vous avec des recettes authentiques et innovantes.","breadcrumb":{"@id":"https:\/\/comte.be\/ambassadors\/paul-delrez\/#breadcrumb"},"inLanguage":"nl-NL","potentialAction":[{"@type":"ReadAction","target":["https:\/\/comte.be\/ambassadors\/paul-delrez\/"]}]},{"@type":"ImageObject","inLanguage":"nl-NL","@id":"https:\/\/comte.be\/ambassadors\/paul-delrez\/#primaryimage","url":"https:\/\/comte.be\/wp-content\/uploads\/2025\/03\/comte-belgium-action-portrait-paul-delrez.jpg","contentUrl":"https:\/\/comte.be\/wp-content\/uploads\/2025\/03\/comte-belgium-action-portrait-paul-delrez.jpg","width":900,"height":900},{"@type":"BreadcrumbList","@id":"https:\/\/comte.be\/ambassadors\/paul-delrez\/#breadcrumb","itemListElement":[{"@type":"ListItem","position":1,"name":"Accueil","item":"https:\/\/comte.be\/nl\/"},{"@type":"ListItem","position":2,"name":"Onze ambassadeurs","item":"https:\/\/comte.be\/nl\/ambassadors\/"},{"@type":"ListItem","position":3,"name":"Paul Delrez"}]},{"@type":"WebSite","@id":"https:\/\/comte.be\/#website","url":"https:\/\/comte.be\/","name":"Comt\u00e9 Belgique","description":"","publisher":{"@id":"https:\/\/comte.be\/#organization"},"potentialAction":[{"@type":"SearchAction","target":{"@type":"EntryPoint","urlTemplate":"https:\/\/comte.be\/?s={search_term_string}"},"query-input":{"@type":"PropertyValueSpecification","valueRequired":true,"valueName":"search_term_string"}}],"inLanguage":"nl-NL"},{"@type":"Organization","@id":"https:\/\/comte.be\/#organization","name":"Comt\u00e9 Belgique","url":"https:\/\/comte.be\/","logo":{"@type":"ImageObject","inLanguage":"nl-NL","@id":"https:\/\/comte.be\/#\/schema\/logo\/image\/","url":"https:\/\/comte.be\/wp-content\/uploads\/2025\/02\/logo-comte.png","contentUrl":"https:\/\/comte.be\/wp-content\/uploads\/2025\/02\/logo-comte.png","width":254,"height":220,"caption":"Comt\u00e9 Belgique"},"image":{"@id":"https:\/\/comte.be\/#\/schema\/logo\/image\/"},"sameAs":["https:\/\/www.facebook.com\/ComteBelgium\/","https:\/\/www.instagram.com\/comte_belgium\/","https:\/\/www.youtube.com\/channel\/UCAoMMZlOqRXlS4HdKohE8bA"]}]}},"featured_img":"https:\/\/comte.be\/wp-content\/uploads\/2025\/03\/comte-belgium-action-portrait-paul-delrez.jpg","coauthors":[],"author_meta":{"author_link":"https:\/\/comte.be\/nl\/author\/big-moustache\/","display_name":"Christophe"},"relative_dates":{"created":"Posted 2 jaar ago","modified":"Updated 9 maanden ago"},"absolute_dates":{"created":"Posted on 27 augustus 2024","modified":"Updated on 26 juli 2025"},"absolute_dates_time":{"created":"Posted on 27 augustus 2024 18h19","modified":"Updated on 26 juli 2025 15h27"},"featured_img_caption":"","tax_additional":[],"series_order":"","_links":{"self":[{"href":"https:\/\/comte.be\/nl\/wp-json\/wp\/v2\/ambassadors\/928","targetHints":{"allow":["GET"]}}],"collection":[{"href":"https:\/\/comte.be\/nl\/wp-json\/wp\/v2\/ambassadors"}],"about":[{"href":"https:\/\/comte.be\/nl\/wp-json\/wp\/v2\/types\/ambassadors"}],"wp:featuredmedia":[{"embeddable":true,"href":"https:\/\/comte.be\/nl\/wp-json\/wp\/v2\/media\/1023"}],"wp:attachment":[{"href":"https:\/\/comte.be\/nl\/wp-json\/wp\/v2\/media?parent=928"}],"curies":[{"name":"wp","href":"https:\/\/api.w.org\/{rel}","templated":true}]}}